{"id":4296,"date":"2021-11-25T13:50:19","date_gmt":"2021-11-25T19:50:19","guid":{"rendered":"https:\/\/worldconferenceiw.org\/09-feminicios-indigenas-en-mexico-fr\/"},"modified":"2021-11-25T13:55:23","modified_gmt":"2021-11-25T19:55:23","slug":"09-feminicios-indigenas-en-mexico-fr","status":"publish","type":"page","link":"https:\/\/worldconferenceiw.org\/fr\/09-feminicios-indigenas-en-mexico-fr\/","title":{"rendered":"09 feminicios indigenas en mexico &#8211; FR"},"content":{"rendered":"\t\t<div data-elementor-type=\"wp-page\" data-elementor-id=\"4296\" class=\"elementor elementor-4296\">\n\t\t\t\t\t\t<section class=\"elementor-section elementor-top-section elementor-element elementor-element-f5af68f elementor-section-content-middle elementor-section-boxed elementor-section-height-default elementor-section-height-default\" data-id=\"f5af68f\" data-element_type=\"section\" data-settings=\"{&quot;background_background&quot;:&quot;classic&quot;}\">\n\t\t\t\t\t\t<div class=\"elementor-container elementor-column-gap-default\">\n\t\t\t\t\t<div class=\"elementor-column elementor-col-50 elementor-top-column elementor-element elementor-element-0d35392\" data-id=\"0d35392\" data-element_type=\"column\">\n\t\t\t<div class=\"elementor-widget-wrap elementor-element-populated\">\n\t\t\t\t\t\t<div class=\"elementor-element elementor-element-839dcef elementor-widget elementor-widget-image\" data-id=\"839dcef\" data-element_type=\"widget\" data-widget_type=\"image.default\">\n\t\t\t\t<div class=\"elementor-widget-container\">\n\t\t\t\t\t\t\t\t\t\t\t\t\t\t\t\t<a href=\"https:\/\/worldconferenceiw.org\/fr\/\">\n\t\t\t\t\t\t\t<img decoding=\"async\" width=\"70\" height=\"68\" src=\"https:\/\/worldconferenceiw.org\/wp-content\/uploads\/2021\/06\/logopequeno.png\" class=\"attachment-large size-large wp-image-378\" alt=\"\" \/>\t\t\t\t\t\t\t\t<\/a>\n\t\t\t\t\t\t\t\t\t\t\t\t\t\t\t<\/div>\n\t\t\t\t<\/div>\n\t\t\t\t\t<\/div>\n\t\t<\/div>\n\t\t\t\t<div class=\"elementor-column elementor-col-50 elementor-top-column elementor-element elementor-element-38309b6\" data-id=\"38309b6\" data-element_type=\"column\">\n\t\t\t<div class=\"elementor-widget-wrap elementor-element-populated\">\n\t\t\t\t\t\t<div class=\"elementor-element elementor-element-0f41836 elementor-nav-menu__align-right elementor-nav-menu--stretch elementor-nav-menu__text-align-center elementor-nav-menu--dropdown-tablet elementor-nav-menu--toggle elementor-nav-menu--burger elementor-widget elementor-widget-nav-menu\" data-id=\"0f41836\" data-element_type=\"widget\" data-settings=\"{&quot;full_width&quot;:&quot;stretch&quot;,&quot;layout&quot;:&quot;horizontal&quot;,&quot;submenu_icon&quot;:{&quot;value&quot;:&quot;&lt;i class=\\&quot;fas fa-caret-down\\&quot;&gt;&lt;\\\/i&gt;&quot;,&quot;library&quot;:&quot;fa-solid&quot;},&quot;toggle&quot;:&quot;burger&quot;}\" data-widget_type=\"nav-menu.default\">\n\t\t\t\t<div class=\"elementor-widget-container\">\n\t\t\t\t\t\t\t\t<nav migration_allowed=\"1\" migrated=\"0\" class=\"elementor-nav-menu--main elementor-nav-menu__container elementor-nav-menu--layout-horizontal e--pointer-underline e--animation-fade\">\n\t\t\t\t<ul id=\"menu-1-0f41836\" class=\"elementor-nav-menu\"><li class=\"menu-item menu-item-type-post_type menu-item-object-page menu-item-home menu-item-2301\"><a href=\"https:\/\/worldconferenceiw.org\/fr\/\" class=\"elementor-item\">ACCUEIL<\/a><\/li>\n<li class=\"menu-item menu-item-type-post_type menu-item-object-page menu-item-2302\"><a href=\"https:\/\/worldconferenceiw.org\/fr\/nous-trouver\/\" class=\"elementor-item\">NOUS TROUVER<\/a><\/li>\n<li class=\"menu-item menu-item-type-post_type menu-item-object-page menu-item-3415\"><a href=\"https:\/\/worldconferenceiw.org\/fr\/nouvelles\/\" class=\"elementor-item\">NOUVELLES<\/a><\/li>\n<li class=\"menu-item menu-item-type-post_type menu-item-object-page menu-item-3751\"><a href=\"https:\/\/worldconferenceiw.org\/fr\/foire-autochtone\/\" class=\"elementor-item\">FOIRE AUTOCHTONE<\/a><\/li>\n<li class=\"menu-item menu-item-type-post_type menu-item-object-page menu-item-3319\"><a href=\"https:\/\/worldconferenceiw.org\/fr\/l-agenda-2\/\" class=\"elementor-item\">L \u2018AGENDA<\/a><\/li>\n<li class=\"menu-item menu-item-type-post_type menu-item-object-page menu-item-4002\"><a href=\"https:\/\/worldconferenceiw.org\/fr\/podcast-2\/\" class=\"elementor-item\">PODCAST<\/a><\/li>\n<li class=\"menu-item menu-item-type-custom menu-item-object-custom menu-item-3557\"><a href=\"https:\/\/intranet.worldconferenceiw.org\" class=\"elementor-item\">CONNEXION<\/a><\/li>\n<li class=\"menu-item wpml-ls-slot-17 wpml-ls-item wpml-ls-item-fr wpml-ls-current-language wpml-ls-menu-item menu-item-type-wpml_ls_menu_item menu-item-object-wpml_ls_menu_item menu-item-has-children menu-item-wpml-ls-17-fr\"><a href=\"https:\/\/worldconferenceiw.org\/fr\/\" role=\"menuitem\" class=\"elementor-item\"><img decoding=\"async\"\n            class=\"wpml-ls-flag\"\n            src=\"https:\/\/worldconferenceiw.org\/wp-content\/plugins\/sitepress-multilingual-cms\/res\/flags\/fr.png\"\n            alt=\"\"\n            \n            \n    \/><span class=\"wpml-ls-native\" lang=\"fr\">Fran\u00e7ais<\/span><\/a>\n<ul class=\"sub-menu elementor-nav-menu--dropdown\">\n\t<li class=\"menu-item wpml-ls-slot-17 wpml-ls-item wpml-ls-item-es wpml-ls-menu-item wpml-ls-first-item menu-item-type-wpml_ls_menu_item menu-item-object-wpml_ls_menu_item menu-item-wpml-ls-17-es\"><a href=\"https:\/\/worldconferenceiw.org\/\" title=\"Passer \u00e0 Espa\u00f1ol\" aria-label=\"Passer \u00e0 Espa\u00f1ol\" role=\"menuitem\" class=\"elementor-sub-item\"><img decoding=\"async\"\n            class=\"wpml-ls-flag\"\n            src=\"https:\/\/worldconferenceiw.org\/wp-content\/plugins\/sitepress-multilingual-cms\/res\/flags\/es.png\"\n            alt=\"\"\n            \n            \n    \/><span class=\"wpml-ls-native\" lang=\"es\">Espa\u00f1ol<\/span><\/a><\/li>\n\t<li class=\"menu-item wpml-ls-slot-17 wpml-ls-item wpml-ls-item-en wpml-ls-menu-item menu-item-type-wpml_ls_menu_item menu-item-object-wpml_ls_menu_item menu-item-wpml-ls-17-en\"><a href=\"https:\/\/worldconferenceiw.org\/en\/\" title=\"Passer \u00e0 English\" aria-label=\"Passer \u00e0 English\" role=\"menuitem\" class=\"elementor-sub-item\"><img decoding=\"async\"\n            class=\"wpml-ls-flag\"\n            src=\"https:\/\/worldconferenceiw.org\/wp-content\/plugins\/sitepress-multilingual-cms\/res\/flags\/en.png\"\n            alt=\"\"\n            \n            \n    \/><span class=\"wpml-ls-native\" lang=\"en\">English<\/span><\/a><\/li>\n\t<li class=\"menu-item wpml-ls-slot-17 wpml-ls-item wpml-ls-item-ru wpml-ls-menu-item wpml-ls-last-item menu-item-type-wpml_ls_menu_item menu-item-object-wpml_ls_menu_item menu-item-wpml-ls-17-ru\"><a href=\"https:\/\/worldconferenceiw.org\/ru\/\" title=\"Passer \u00e0 \u0420\u0443\u0441\u0441\u043a\u0438\u0439\" aria-label=\"Passer \u00e0 \u0420\u0443\u0441\u0441\u043a\u0438\u0439\" role=\"menuitem\" class=\"elementor-sub-item\"><img decoding=\"async\"\n            class=\"wpml-ls-flag\"\n            src=\"https:\/\/worldconferenceiw.org\/wp-content\/plugins\/sitepress-multilingual-cms\/res\/flags\/ru.png\"\n            alt=\"\"\n            \n            \n    \/><span class=\"wpml-ls-native\" lang=\"ru\">\u0420\u0443\u0441\u0441\u043a\u0438\u0439<\/span><\/a><\/li>\n<\/ul>\n<\/li>\n<\/ul>\t\t\t<\/nav>\n\t\t\t\t\t<div class=\"elementor-menu-toggle\" role=\"button\" tabindex=\"0\" aria-label=\"Permuter le menu\" aria-expanded=\"false\">\n\t\t\t<i aria-hidden=\"true\" role=\"presentation\" class=\"elementor-menu-toggle__icon--open eicon-menu-bar\"><\/i><i aria-hidden=\"true\" role=\"presentation\" class=\"elementor-menu-toggle__icon--close eicon-close\"><\/i>\t\t\t<span class=\"elementor-screen-only\">Menu<\/span>\n\t\t<\/div>\n\t\t\t<nav class=\"elementor-nav-menu--dropdown elementor-nav-menu__container\" aria-hidden=\"true\">\n\t\t\t\t<ul id=\"menu-2-0f41836\" class=\"elementor-nav-menu\"><li class=\"menu-item menu-item-type-post_type menu-item-object-page menu-item-home menu-item-2301\"><a href=\"https:\/\/worldconferenceiw.org\/fr\/\" class=\"elementor-item\" tabindex=\"-1\">ACCUEIL<\/a><\/li>\n<li class=\"menu-item menu-item-type-post_type menu-item-object-page menu-item-2302\"><a href=\"https:\/\/worldconferenceiw.org\/fr\/nous-trouver\/\" class=\"elementor-item\" tabindex=\"-1\">NOUS TROUVER<\/a><\/li>\n<li class=\"menu-item menu-item-type-post_type menu-item-object-page menu-item-3415\"><a href=\"https:\/\/worldconferenceiw.org\/fr\/nouvelles\/\" class=\"elementor-item\" tabindex=\"-1\">NOUVELLES<\/a><\/li>\n<li class=\"menu-item menu-item-type-post_type menu-item-object-page menu-item-3751\"><a href=\"https:\/\/worldconferenceiw.org\/fr\/foire-autochtone\/\" class=\"elementor-item\" tabindex=\"-1\">FOIRE AUTOCHTONE<\/a><\/li>\n<li class=\"menu-item menu-item-type-post_type menu-item-object-page menu-item-3319\"><a href=\"https:\/\/worldconferenceiw.org\/fr\/l-agenda-2\/\" class=\"elementor-item\" tabindex=\"-1\">L \u2018AGENDA<\/a><\/li>\n<li class=\"menu-item menu-item-type-post_type menu-item-object-page menu-item-4002\"><a href=\"https:\/\/worldconferenceiw.org\/fr\/podcast-2\/\" class=\"elementor-item\" tabindex=\"-1\">PODCAST<\/a><\/li>\n<li class=\"menu-item menu-item-type-custom menu-item-object-custom menu-item-3557\"><a href=\"https:\/\/intranet.worldconferenceiw.org\" class=\"elementor-item\" tabindex=\"-1\">CONNEXION<\/a><\/li>\n<li class=\"menu-item wpml-ls-slot-17 wpml-ls-item wpml-ls-item-fr wpml-ls-current-language wpml-ls-menu-item menu-item-type-wpml_ls_menu_item menu-item-object-wpml_ls_menu_item menu-item-has-children menu-item-wpml-ls-17-fr\"><a href=\"https:\/\/worldconferenceiw.org\/fr\/\" role=\"menuitem\" class=\"elementor-item\" tabindex=\"-1\"><img decoding=\"async\"\n            class=\"wpml-ls-flag\"\n            src=\"https:\/\/worldconferenceiw.org\/wp-content\/plugins\/sitepress-multilingual-cms\/res\/flags\/fr.png\"\n            alt=\"\"\n            \n            \n    \/><span class=\"wpml-ls-native\" lang=\"fr\">Fran\u00e7ais<\/span><\/a>\n<ul class=\"sub-menu elementor-nav-menu--dropdown\">\n\t<li class=\"menu-item wpml-ls-slot-17 wpml-ls-item wpml-ls-item-es wpml-ls-menu-item wpml-ls-first-item menu-item-type-wpml_ls_menu_item menu-item-object-wpml_ls_menu_item menu-item-wpml-ls-17-es\"><a href=\"https:\/\/worldconferenceiw.org\/\" title=\"Passer \u00e0 Espa\u00f1ol\" aria-label=\"Passer \u00e0 Espa\u00f1ol\" role=\"menuitem\" class=\"elementor-sub-item\" tabindex=\"-1\"><img decoding=\"async\"\n            class=\"wpml-ls-flag\"\n            src=\"https:\/\/worldconferenceiw.org\/wp-content\/plugins\/sitepress-multilingual-cms\/res\/flags\/es.png\"\n            alt=\"\"\n            \n            \n    \/><span class=\"wpml-ls-native\" lang=\"es\">Espa\u00f1ol<\/span><\/a><\/li>\n\t<li class=\"menu-item wpml-ls-slot-17 wpml-ls-item wpml-ls-item-en wpml-ls-menu-item menu-item-type-wpml_ls_menu_item menu-item-object-wpml_ls_menu_item menu-item-wpml-ls-17-en\"><a href=\"https:\/\/worldconferenceiw.org\/en\/\" title=\"Passer \u00e0 English\" aria-label=\"Passer \u00e0 English\" role=\"menuitem\" class=\"elementor-sub-item\" tabindex=\"-1\"><img decoding=\"async\"\n            class=\"wpml-ls-flag\"\n            src=\"https:\/\/worldconferenceiw.org\/wp-content\/plugins\/sitepress-multilingual-cms\/res\/flags\/en.png\"\n            alt=\"\"\n            \n            \n    \/><span class=\"wpml-ls-native\" lang=\"en\">English<\/span><\/a><\/li>\n\t<li class=\"menu-item wpml-ls-slot-17 wpml-ls-item wpml-ls-item-ru wpml-ls-menu-item wpml-ls-last-item menu-item-type-wpml_ls_menu_item menu-item-object-wpml_ls_menu_item menu-item-wpml-ls-17-ru\"><a href=\"https:\/\/worldconferenceiw.org\/ru\/\" title=\"Passer \u00e0 \u0420\u0443\u0441\u0441\u043a\u0438\u0439\" aria-label=\"Passer \u00e0 \u0420\u0443\u0441\u0441\u043a\u0438\u0439\" role=\"menuitem\" class=\"elementor-sub-item\" tabindex=\"-1\"><img decoding=\"async\"\n            class=\"wpml-ls-flag\"\n            src=\"https:\/\/worldconferenceiw.org\/wp-content\/plugins\/sitepress-multilingual-cms\/res\/flags\/ru.png\"\n            alt=\"\"\n            \n            \n    \/><span class=\"wpml-ls-native\" lang=\"ru\">\u0420\u0443\u0441\u0441\u043a\u0438\u0439<\/span><\/a><\/li>\n<\/ul>\n<\/li>\n<\/ul>\t\t\t<\/nav>\n\t\t\t\t\t\t<\/div>\n\t\t\t\t<\/div>\n\t\t\t\t\t<\/div>\n\t\t<\/div>\n\t\t\t\t\t<\/div>\n\t\t<\/section>\n\t\t\t\t<section class=\"elementor-section elementor-top-section elementor-element elementor-element-a69985e elementor-section-boxed elementor-section-height-default elementor-section-height-default\" data-id=\"a69985e\" data-element_type=\"section\">\n\t\t\t\t\t\t<div class=\"elementor-container elementor-column-gap-default\">\n\t\t\t\t\t<div class=\"elementor-column elementor-col-100 elementor-top-column elementor-element elementor-element-c3e8b47\" data-id=\"c3e8b47\" data-element_type=\"column\">\n\t\t\t<div class=\"elementor-widget-wrap elementor-element-populated\">\n\t\t\t\t\t\t<div class=\"elementor-element elementor-element-6aed721 elementor-widget elementor-widget-heading\" data-id=\"6aed721\" data-element_type=\"widget\" data-widget_type=\"heading.default\">\n\t\t\t\t<div class=\"elementor-widget-container\">\n\t\t\t\t\t<h2 class=\"elementor-heading-title elementor-size-default\">Que plus personne ne nous vole la parole : f\u00e9minicides autochtones au Mexique<\/h2>\t\t\t\t<\/div>\n\t\t\t\t<\/div>\n\t\t\t\t\t<\/div>\n\t\t<\/div>\n\t\t\t\t\t<\/div>\n\t\t<\/section>\n\t\t\t\t<section class=\"elementor-section elementor-top-section elementor-element elementor-element-7c4a8d8 elementor-section-boxed elementor-section-height-default elementor-section-height-default\" data-id=\"7c4a8d8\" data-element_type=\"section\">\n\t\t\t\t\t\t<div class=\"elementor-container elementor-column-gap-default\">\n\t\t\t\t\t<div class=\"elementor-column elementor-col-100 elementor-top-column elementor-element elementor-element-2231411\" data-id=\"2231411\" data-element_type=\"column\">\n\t\t\t<div class=\"elementor-widget-wrap elementor-element-populated\">\n\t\t\t\t\t\t<div class=\"elementor-element elementor-element-3daf9ac elementor-widget elementor-widget-heading\" data-id=\"3daf9ac\" data-element_type=\"widget\" data-widget_type=\"heading.default\">\n\t\t\t\t<div class=\"elementor-widget-container\">\n\t\t\t\t\t<h2 class=\"elementor-heading-title elementor-size-default\">Dans le cadre de la deuxi\u00e8me journ\u00e9e de la 2CMFA, sous le th\u00e8me \u00ab Nous regarder et nous reconna\u00eetre \u00e0 partir de nos propres r\u00e9alit\u00e9s \u00bb, la militante Laura Fern\u00e1ndez a \u00e9t\u00e9 pan\u00e9liste \u00e0 la s\u00e9ance \u00ab Dialogues des jeunes \u00bb. Voici son histoire et sa contribution \u00e0 la lutte contre le f\u00e9minicide.<\/h2>\t\t\t\t<\/div>\n\t\t\t\t<\/div>\n\t\t\t\t\t<\/div>\n\t\t<\/div>\n\t\t\t\t\t<\/div>\n\t\t<\/section>\n\t\t\t\t<section class=\"elementor-section elementor-top-section elementor-element elementor-element-a58225a elementor-section-boxed elementor-section-height-default elementor-section-height-default\" data-id=\"a58225a\" data-element_type=\"section\">\n\t\t\t\t\t\t<div class=\"elementor-container elementor-column-gap-default\">\n\t\t\t\t\t<div class=\"elementor-column elementor-col-100 elementor-top-column elementor-element elementor-element-942726f\" data-id=\"942726f\" data-element_type=\"column\">\n\t\t\t<div class=\"elementor-widget-wrap elementor-element-populated\">\n\t\t\t\t\t\t<div class=\"elementor-element elementor-element-1207664 elementor-widget elementor-widget-image\" data-id=\"1207664\" data-element_type=\"widget\" data-widget_type=\"image.default\">\n\t\t\t\t<div class=\"elementor-widget-container\">\n\t\t\t\t\t\t\t\t\t\t\t\t\t\t\t<img decoding=\"async\" width=\"211\" height=\"20\" src=\"https:\/\/worldconferenceiw.org\/wp-content\/uploads\/2021\/06\/divisorrosa.png\" class=\"attachment-large size-large wp-image-384\" alt=\"\" \/>\t\t\t\t\t\t\t\t\t\t\t\t\t\t\t<\/div>\n\t\t\t\t<\/div>\n\t\t\t\t\t<\/div>\n\t\t<\/div>\n\t\t\t\t\t<\/div>\n\t\t<\/section>\n\t\t\t\t<section class=\"elementor-section elementor-top-section elementor-element elementor-element-26fd501 elementor-section-boxed elementor-section-height-default elementor-section-height-default\" data-id=\"26fd501\" data-element_type=\"section\">\n\t\t\t\t\t\t<div class=\"elementor-container elementor-column-gap-default\">\n\t\t\t\t\t<div class=\"elementor-column elementor-col-50 elementor-top-column elementor-element elementor-element-5483494\" data-id=\"5483494\" data-element_type=\"column\">\n\t\t\t<div class=\"elementor-widget-wrap elementor-element-populated\">\n\t\t\t\t\t\t<div class=\"elementor-element elementor-element-bedbc9a elementor-widget elementor-widget-image\" data-id=\"bedbc9a\" data-element_type=\"widget\" data-widget_type=\"image.default\">\n\t\t\t\t<div class=\"elementor-widget-container\">\n\t\t\t\t\t\t\t\t\t\t\t\t<figure class=\"wp-caption\">\n\t\t\t\t\t\t\t\t\t\t<img fetchpriority=\"high\" decoding=\"async\" width=\"359\" height=\"471\" src=\"https:\/\/worldconferenceiw.org\/wp-content\/uploads\/2021\/11\/Mariaa-Cristina-Chavez-Pedroza.jpg\" class=\"attachment-medium_large size-medium_large wp-image-4212\" alt=\"\" srcset=\"https:\/\/worldconferenceiw.org\/wp-content\/uploads\/2021\/11\/Mariaa-Cristina-Chavez-Pedroza.jpg 359w, https:\/\/worldconferenceiw.org\/wp-content\/uploads\/2021\/11\/Mariaa-Cristina-Chavez-Pedroza-229x300.jpg 229w\" sizes=\"(max-width: 359px) 100vw, 359px\" \/>\t\t\t\t\t\t\t\t\t\t\t<figcaption class=\"widget-image-caption wp-caption-text\">*Photo courtoisie* de Laura Hern\u00e1ndez<\/figcaption>\n\t\t\t\t\t\t\t\t\t\t<\/figure>\n\t\t\t\t\t\t\t\t\t<\/div>\n\t\t\t\t<\/div>\n\t\t\t\t\t<\/div>\n\t\t<\/div>\n\t\t\t\t<div class=\"elementor-column elementor-col-50 elementor-top-column elementor-element elementor-element-500c00e\" data-id=\"500c00e\" data-element_type=\"column\">\n\t\t\t<div class=\"elementor-widget-wrap elementor-element-populated\">\n\t\t\t\t\t\t<div class=\"elementor-element elementor-element-3d94965 elementor-widget elementor-widget-text-editor\" data-id=\"3d94965\" data-element_type=\"widget\" data-widget_type=\"text-editor.default\">\n\t\t\t\t<div class=\"elementor-widget-container\">\n\t\t\t\t\t\t\t\t\t<p>Leonila de la Cruz a \u00e9t\u00e9 viol\u00e9e et assassin\u00e9e en 2020 dans la communaut\u00e9 autochtone wixarika de La Cofrad\u00eda, dans l\u2019\u00c9\u00e9tat de Nayarit sur la c\u00f4te ouest du Mexique. Son assassin l\u2019a poignard\u00e9e 26 fois, principalement \u00e0 l\u2019abdomen, laissant orphelin un fils d\u2019\u00e0 peine un an. Mais son cas n\u2019a fait aucun bruit dans les m\u00e9dias. C\u2019\u00e9tait une Femme autochtone.<\/p><p><br \/>\u00ab Les f\u00e9minicides contre les Femmes autochtones sont les moins visibles et les plus souvent oubli\u00e9s. Dans le cas de Leonila, il n\u2019y a eu ni pression sociale ni mobilisation \u00e0 travers les r\u00e9seaux sociaux pour attraper le coupable. Les cas de f\u00e9minicides de Ffemmes non autochtones g\u00e9n\u00e8rent bien plus de pression sociale \u00bb, explique Laura Hern\u00e1ndez P\u00e9rez, assistante sociale nahua membre de la Coordination nationale des femmes autochtones (CONAMI) et de la coordination g\u00e9n\u00e9rale du r\u00e9seau Enlace Continental de Mujeres Ind\u00edgenas de las Am\u00e9ricas (ECMIA).<\/p><p>Au cours du mandat de six ans de l\u2019ancien pr\u00e9sident Felipe Calder\u00f3n (2006-2012), des militantes et des femmes organis\u00e9es ont r\u00e9ussi pour la premi\u00e8re fois \u00e0 convaincre le gouvernement de mettre en place les Alertes \u00e0 la violence de genre, un ensemble d\u2019outils gouvernementaux d\u2019urgence contre les f\u00e9minicides, qui jusqu\u2019alors n\u2019\u00e9taient pas codifi\u00e9s dans le Code p\u00e9nal mexicain. L\u2019INEGI a calcul\u00e9 le taux de f\u00e9minicide au Mexique pour la premi\u00e8re fois en 2012.<\/p>\t\t\t\t\t\t\t\t<\/div>\n\t\t\t\t<\/div>\n\t\t\t\t\t<\/div>\n\t\t<\/div>\n\t\t\t\t\t<\/div>\n\t\t<\/section>\n\t\t\t\t<section class=\"elementor-section elementor-top-section elementor-element elementor-element-580a4db elementor-section-boxed elementor-section-height-default elementor-section-height-default\" data-id=\"580a4db\" data-element_type=\"section\">\n\t\t\t\t\t\t<div class=\"elementor-container elementor-column-gap-default\">\n\t\t\t\t\t<div class=\"elementor-column elementor-col-100 elementor-top-column elementor-element elementor-element-69e98e4\" data-id=\"69e98e4\" data-element_type=\"column\">\n\t\t\t<div class=\"elementor-widget-wrap elementor-element-populated\">\n\t\t\t\t\t\t<div class=\"elementor-element elementor-element-422f705 elementor-widget elementor-widget-text-editor\" data-id=\"422f705\" data-element_type=\"widget\" data-widget_type=\"text-editor.default\">\n\t\t\t\t<div class=\"elementor-widget-container\">\n\t\t\t\t\t\t\t\t\t<p><span style=\"font-weight: 400;\">Leonila de la Cruz a \u00e9t\u00e9 viol\u00e9e et assassin\u00e9e en\u00a02020 dans la communaut\u00e9 autochtone wixarika de La Cofrad\u00eda, dans l\u2019\u00c9\u00e9tat de Nayarit sur la c\u00f4te ouest du Mexique. Son assassin l\u2019a poignard\u00e9e 26\u00a0fois, principalement \u00e0 l\u2019abdomen, laissant orphelin un fils d\u2019\u00e0 peine un an. Mais son cas n\u2019a fait aucun bruit dans les m\u00e9dias. C\u2019\u00e9tait une Femme autochtone.\u00a0<\/span><\/p><p><span style=\"font-weight: 400;\">\u00ab\u00a0Les f\u00e9minicides contre les Femmes autochtones sont les moins visibles et les plus souvent oubli\u00e9s. Dans le cas de Leonila, il n\u2019y a eu ni pression sociale ni mobilisation \u00e0 travers les r\u00e9seaux sociaux pour attraper le coupable. Les cas de f\u00e9minicides de Ffemmes non autochtones g\u00e9n\u00e8rent bien plus de pression sociale\u00a0\u00bb, explique Laura Hern\u00e1ndez P\u00e9rez, assistante sociale nahua membre de la Coordination nationale des femmes autochtones (CONAMI) et de la coordination g\u00e9n\u00e9rale du r\u00e9seau <\/span><i><span style=\"font-weight: 400;\">Enlace Continental de Mujeres Ind\u00edgenas de las Am\u00e9ricas<\/span><\/i><span style=\"font-weight: 400;\"> (ECMIA).<\/span><\/p><p><span style=\"font-weight: 400;\">Au cours du mandat de six ans de l\u2019ancien pr\u00e9sident Felipe Calder\u00f3n (2006-2012), des militantes et des femmes organis\u00e9es ont r\u00e9ussi pour la premi\u00e8re fois \u00e0 convaincre le gouvernement de mettre en place les Alertes \u00e0 la violence de genre,<\/span> <span style=\"font-weight: 400;\">un ensemble d\u2019outils gouvernementaux d\u2019urgence contre<\/span> <span style=\"font-weight: 400;\">les f\u00e9minicides, qui jusqu\u2019alors n\u2019\u00e9taient pas codifi\u00e9s dans le Code p\u00e9nal mexicain. L\u2019INEGI a calcul\u00e9 le taux de f\u00e9minicide au Mexique pour la premi\u00e8re fois en\u00a02012.\u00a0<\/span><\/p><p><span style=\"font-weight: 400;\">Les Femmes autochtones avaient particip\u00e9 au mouvement qui a abouti \u00e0 cette codification, mais cela ne les a pas emp\u00each\u00e9es de se sentir exclues du processus, y compris dans les calculs de f\u00e9minicides. En novembre\u00a02012, lors d\u2019un atelier sur le genre offert par CIDHAL A.C., des Femmes autochtones ont d\u00e9cid\u00e9 de fonder l\u2019initiative Urgence communautaire de genre.<\/span><\/p><p><span style=\"font-weight: 400;\">Celle-ci a \u00e9t\u00e9 inaugur\u00e9e lors d\u2019une manifestation organis\u00e9e dans la ville de Cuernavaca, \u00e0 80\u00a0km au sud de la capitale mexicaine, le 25\u00a0novembre\u00a02013. Au d\u00e9part, les participantes offraient des ateliers d\u2019autod\u00e9fense et du mat\u00e9riel \u00e9ducatif en plus de recueillir toute information concernant les f\u00e9minicides contre des Femmes autochtones sur leur <\/span><a href=\"https:\/\/www.facebook.com\/emergenciacomunitaria.degenero.1\" target=\"_blank\" rel=\"noopener\"><span style=\"font-weight: 400;\">profil Facebook<\/span><\/a><span style=\"font-weight: 400;\">.<\/span><\/p><p><span style=\"font-weight: 400;\">Huit ans plus tard, elles continuent \u00e0 g\u00e9rer elles-m\u00eames l\u2019initiative. Un groupe de Femmes autochtones de tous \u00e2ges recueille et classe des renseignements relatifs aux violences contre les femmes et les enfants ainsi qu\u2019aux violations contre les droits des Peuples autochtones, comme la militarisation, les d\u00e9placements forc\u00e9s, les grands projets industriels et m\u00eame les programmes sociaux de l\u2019\u00c9tat. \u00ab\u00a0L\u2019individu est indissociable du collectif\u00a0\u00bb, explique Hern\u00e1ndez.\u00a0<\/span><\/p><p><span style=\"font-weight: 400;\">Elles disposent aujourd\u2019hui d\u2019une base de donn\u00e9es comprenant plus de 427\u00a0articles de journaux analys\u00e9s. Trois sur dix font r\u00e9f\u00e9rence \u00e0 des f\u00e9minicides; 12\u00a0% aux violences sexuelles; 8\u00a0% aux disparitions forc\u00e9es; et 7\u00a0% aux violences de genre domestiques. Aucune base de donn\u00e9es gouvernementale ne contemple ces enjeux.\u00a0<\/span><\/p>\t\t\t\t\t\t\t\t<\/div>\n\t\t\t\t<\/div>\n\t\t\t\t\t<\/div>\n\t\t<\/div>\n\t\t\t\t\t<\/div>\n\t\t<\/section>\n\t\t\t\t<section class=\"elementor-section elementor-top-section elementor-element elementor-element-fa4737e elementor-section-boxed elementor-section-height-default elementor-section-height-default\" data-id=\"fa4737e\" data-element_type=\"section\">\n\t\t\t\t\t\t<div class=\"elementor-container elementor-column-gap-default\">\n\t\t\t\t\t<div class=\"elementor-column elementor-col-100 elementor-top-column elementor-element elementor-element-0a3b013\" data-id=\"0a3b013\" data-element_type=\"column\">\n\t\t\t<div class=\"elementor-widget-wrap elementor-element-populated\">\n\t\t\t\t\t\t<div class=\"elementor-element elementor-element-adf68ab elementor-widget elementor-widget-image\" data-id=\"adf68ab\" data-element_type=\"widget\" data-widget_type=\"image.default\">\n\t\t\t\t<div class=\"elementor-widget-container\">\n\t\t\t\t\t\t\t\t\t\t\t\t<figure class=\"wp-caption\">\n\t\t\t\t\t\t\t\t\t\t<img loading=\"lazy\" decoding=\"async\" width=\"800\" height=\"467\" src=\"https:\/\/worldconferenceiw.org\/wp-content\/uploads\/2021\/11\/1.-Mariaa-Cristina-Chavez-Pedroza.jpg\" class=\"attachment-large size-large wp-image-4217\" alt=\"\" srcset=\"https:\/\/worldconferenceiw.org\/wp-content\/uploads\/2021\/11\/1.-Mariaa-Cristina-Chavez-Pedroza.jpg 986w, https:\/\/worldconferenceiw.org\/wp-content\/uploads\/2021\/11\/1.-Mariaa-Cristina-Chavez-Pedroza-300x175.jpg 300w, https:\/\/worldconferenceiw.org\/wp-content\/uploads\/2021\/11\/1.-Mariaa-Cristina-Chavez-Pedroza-768x449.jpg 768w\" sizes=\"(max-width: 800px) 100vw, 800px\" \/>\t\t\t\t\t\t\t\t\t\t\t<figcaption class=\"widget-image-caption wp-caption-text\">Profil d\u2019Urgence communautaire de genre sur Facebook<\/figcaption>\n\t\t\t\t\t\t\t\t\t\t<\/figure>\n\t\t\t\t\t\t\t\t\t<\/div>\n\t\t\t\t<\/div>\n\t\t\t\t\t<\/div>\n\t\t<\/div>\n\t\t\t\t\t<\/div>\n\t\t<\/section>\n\t\t\t\t<section class=\"elementor-section elementor-top-section elementor-element elementor-element-b397fff elementor-section-boxed elementor-section-height-default elementor-section-height-default\" data-id=\"b397fff\" data-element_type=\"section\">\n\t\t\t\t\t\t<div class=\"elementor-container elementor-column-gap-default\">\n\t\t\t\t\t<div class=\"elementor-column elementor-col-100 elementor-top-column elementor-element elementor-element-2e854d1\" data-id=\"2e854d1\" data-element_type=\"column\">\n\t\t\t<div class=\"elementor-widget-wrap elementor-element-populated\">\n\t\t\t\t\t\t<div class=\"elementor-element elementor-element-8bf18a2 elementor-widget elementor-widget-text-editor\" data-id=\"8bf18a2\" data-element_type=\"widget\" data-widget_type=\"text-editor.default\">\n\t\t\t\t<div class=\"elementor-widget-container\">\n\t\t\t\t\t\t\t\t\t<p><span style=\"font-weight: 400;\">D\u2019apr\u00e8s Hern\u00e1ndez, le manque de statistiques sur le sujet est d\u00fb au fait qu\u2019on ne comprend toujours pas que l\u2019imaginaire social des Femmes autochtones est en relation r\u00e9ciproque avec leur communaut\u00e9. Les violences d\u00e9chirent le tissu communautaire et estropient les mouvements autochtones, ce qui se manifeste au niveau personnel; de la m\u00eame mani\u00e8re que les probl\u00e8mes individuels affectent les liens collectifs.<\/span><\/p><p><span style=\"font-weight: 400;\">Un autre cas embl\u00e9matique de violence contre les Femmes autochtones est celui de Ernestina Ascencio, personne \u00e2g\u00e9e nahua, viol\u00e9e par des soldats lorsque sa communaut\u00e9 a \u00e9t\u00e9 envahie par les militaires dans le contexte de la guerre contre le trafic de drogue lanc\u00e9e par le pr\u00e9sident Calder\u00f3n. Selon Hern\u00e1ndez, c\u2019est l\u00e0 un autre exemple de la mani\u00e8re dont l\u2019\u00c9tat mexicain perp\u00e9tue lui-m\u00eame ces violences collectives et personnelles en niant aux Femmes autochtones qui d\u00e9cident de faire entendre leur voix tout accompagnement, en ne leur offrant aucun service de traduction dans leurs langues, et par l\u2019absence d\u2019institutions publiques pr\u00e8s de leurs communaut\u00e9s.\u00a0<\/span><\/p><p><span style=\"font-weight: 400;\">\u00ab\u00a0Tous les gouvernements f\u00e9d\u00e9raux ne pensent qu\u2019\u00e0 leur vision du d\u00e9veloppement et aux solutions qu\u2019ils nous imposent. Et nous? Nous ne voyons que les cons\u00e9quences n\u00e9gatives\u00a0\u00bb, ajoute-t-elle. Tant au sein d\u2019Urgence communautaire de genre qu\u2019avec d\u2019autres organisations dont elle fait partie, Hern\u00e1ndez a constat\u00e9 que le programme de subvention actuel <\/span><i><span style=\"font-weight: 400;\">Sembrando Vida<\/span><\/i><span style=\"font-weight: 400;\"> contribue \u00e0 la disparition des semences autochtones en favorisant la culture d\u2019aliments qui ne sont pas typiques de la r\u00e9gion ou en industrialisant les processus agricoles \u00e0 travers l\u2019installation de serres. Elle affirme \u00e9galement que, lorsqu\u2019elle fr\u00e9quentait <\/span><span style=\"font-weight: 400;\">l&rsquo;\u00c9tatl\u2019\u00e9tat<\/span><span style=\"font-weight: 400;\"> de Quer\u00e9taro, de nombreuses femmes confessaient que leurs maris les battaient afin de leur soutirer le soutien financier qu\u2019elles recevaient du gouvernement.<\/span><\/p><p><span style=\"font-weight: 400;\">\u00ab\u00a0On nous impose des programmes sociaux et des m\u00e9gaprojets comme le train maya, la centrale thermo\u00e9lectrique de Huexca, ou le corridor interoc\u00e9anique; ce sont des programmes insoutenables du point de vue environnemental, communautaire et social. Pour moi, toutes les violences faites aux femmes, \u00e0 l\u2019environnement et \u00e0 toutes les formes de vies causent des dommages irr\u00e9parables\u00a0\u00bb, affirme-t-elle.<\/span><\/p><p>\u00a0<\/p><p><b>Les Femmes autochtones comme agentes de changement\u00a0<\/b><\/p><p><span style=\"font-weight: 400;\">Ayant travaill\u00e9 avec d\u2019autres femmes, Laura Hern\u00e1ndez a vu comment l\u2019\u00c9tat mexicain discr\u00e9dite, stigmatise ou ignore les formes d\u2019organisation et les contextes particuliers des Femmes autochtones. De plus, la soci\u00e9t\u00e9 et les m\u00e9dias n\u2019ont pas la vision interculturelle n\u00e9cessaire pour d\u00e9peindre non seulement la violence, mais aussi les formes d\u2019organisation qui peuvent transformer cette sombre r\u00e9alit\u00e9.<\/span><\/p><p><span style=\"font-weight: 400;\">\u00ab\u00a0On pense qu\u2019au sein des communaut\u00e9s, les femmes sont victimes de violences f\u00e9roces. On parle par exemple de mariages ou d\u2019unions pr\u00e9coces, sans mettre les faits en contexte. Mais chaque communaut\u00e9 fonctionne diff\u00e9remment. Il y a des communaut\u00e9s o\u00f9 ces pratiques n\u2019existent pas, o\u00f9 il n\u2019y a m\u00eame pas de dot, tout comme il y a des communaut\u00e9s o\u00f9 cela est coutume. Mais ce n\u2019est pas quelque chose d\u2019universel, car les Femmes autochtones ont chang\u00e9 la donne\u00a0\u00bb, souligne-t-elle.\u00a0<\/span><\/p><p><span style=\"font-weight: 400;\">Elle reconna\u00eet qu\u2019il y a du machisme au sein des communaut\u00e9s. Elle sait combien il est difficile et complexe de le nommer, de le signaler et de surveiller son d\u00e9veloppement au sein des communaut\u00e9s; mais elle affirme aussi avec t\u00e9nacit\u00e9 que les Femmes autochtones n\u2019ont jamais accept\u00e9 passivement la violence, et que ces espaces internationaux de dialogue servent justement \u00e0 renforcer leur pouvoir et \u00e0 changer leur image face au reste de la soci\u00e9t\u00e9.\u00a0<\/span><\/p><p><span style=\"font-weight: 400;\">\u00ab\u00a0La pr\u00e9sence des organismes internationaux et nationaux et des organisations locales de Femmes autochtones au sein de leurs communaut\u00e9s atteste de la capacit\u00e9 des femmes, des filles et des jeunes \u00e0 travailler pour le bien-\u00eatre collectif de nos peuples. Parler de territoire, d\u2019autonomie, de gu\u00e9rison ou de f\u00e9minicides, c\u2019est faire nous-m\u00eame entendre nos voix en tant que Femmes autochtones\u00a0\u00bb, souligne-t-elle.\u00a0<\/span><\/p>\t\t\t\t\t\t\t\t<\/div>\n\t\t\t\t<\/div>\n\t\t\t\t\t<\/div>\n\t\t<\/div>\n\t\t\t\t\t<\/div>\n\t\t<\/section>\n\t\t\t\t<section class=\"elementor-section elementor-top-section elementor-element elementor-element-02a5601 elementor-section-boxed elementor-section-height-default elementor-section-height-default\" data-id=\"02a5601\" data-element_type=\"section\">\n\t\t\t\t\t\t<div class=\"elementor-container elementor-column-gap-default\">\n\t\t\t\t\t<div class=\"elementor-column elementor-col-50 elementor-top-column elementor-element elementor-element-ab467a5\" data-id=\"ab467a5\" data-element_type=\"column\">\n\t\t\t<div class=\"elementor-widget-wrap elementor-element-populated\">\n\t\t\t\t\t\t<div class=\"elementor-element elementor-element-7fe7d3a elementor-widget elementor-widget-image\" data-id=\"7fe7d3a\" data-element_type=\"widget\" data-widget_type=\"image.default\">\n\t\t\t\t<div class=\"elementor-widget-container\">\n\t\t\t\t\t\t\t\t\t\t\t\t<figure class=\"wp-caption\">\n\t\t\t\t\t\t\t\t\t\t<img loading=\"lazy\" decoding=\"async\" width=\"600\" height=\"606\" src=\"https:\/\/worldconferenceiw.org\/wp-content\/uploads\/2021\/11\/2.-Mariaa-Cristina-Chavez-Pedroza.jpg\" class=\"attachment-medium_large size-medium_large wp-image-4221\" alt=\"\" srcset=\"https:\/\/worldconferenceiw.org\/wp-content\/uploads\/2021\/11\/2.-Mariaa-Cristina-Chavez-Pedroza.jpg 600w, https:\/\/worldconferenceiw.org\/wp-content\/uploads\/2021\/11\/2.-Mariaa-Cristina-Chavez-Pedroza-297x300.jpg 297w\" sizes=\"(max-width: 600px) 100vw, 600px\" \/>\t\t\t\t\t\t\t\t\t\t\t<figcaption class=\"widget-image-caption wp-caption-text\">Affiche de la deuxi\u00e8me Conf\u00e9rence mondiale des Femmes autochtones 2021<\/figcaption>\n\t\t\t\t\t\t\t\t\t\t<\/figure>\n\t\t\t\t\t\t\t\t\t<\/div>\n\t\t\t\t<\/div>\n\t\t\t\t\t<\/div>\n\t\t<\/div>\n\t\t\t\t<div class=\"elementor-column elementor-col-50 elementor-top-column elementor-element elementor-element-1b29f39\" data-id=\"1b29f39\" data-element_type=\"column\">\n\t\t\t<div class=\"elementor-widget-wrap elementor-element-populated\">\n\t\t\t\t\t\t<div class=\"elementor-element elementor-element-a484158 elementor-widget elementor-widget-text-editor\" data-id=\"a484158\" data-element_type=\"widget\" data-widget_type=\"text-editor.default\">\n\t\t\t\t<div class=\"elementor-widget-container\">\n\t\t\t\t\t\t\t\t\t<p><span style=\"font-weight: 400;\">Laura en est un exemple vivant\u00a0: le 12\u00a0ao\u00fbt dernier, elle a repr\u00e9sent\u00e9 l\u2019ECMIA au niveau r\u00e9gional lors de la deuxi\u00e8me Conf\u00e9rence mondiale des Femmes autochtones, qui repr\u00e9sentait une \u00e9tape importante pour l\u2019avancement de nos droits fondamentaux. Plus de 500<\/span><span style=\"font-weight: 400;\">\u00a0<\/span><span style=\"font-weight: 400;\">Femmes autochtones du monde entier ont particip\u00e9 \u00e0 l\u2019\u00e9v\u00e9nement pour d\u00e9battre de propositions et des enjeux li\u00e9s au genre et \u00e0 leurs communaut\u00e9s via une plateforme virtuelle, g\u00e9r\u00e9e par le Forum international des Femmes autochtones (FIMI).\u00a0<\/span><\/p><p><span style=\"font-weight: 400;\">Au cours de la s\u00e9ance, Laura a insist\u00e9 sur le fait que, sans rien enlever \u00e0 l\u2019importance de gu\u00e9rir la violence \u00e0 partir des communaut\u00e9s m\u00eame, la r\u00e9paration des pr\u00e9judices devait passer par l\u2019acc\u00e8s au syst\u00e8me de justice\u00a0: \u00ab\u00a0Tant qu\u2019il y aura un \u00c9tat discriminatoire qui nous attaque syst\u00e9matiquement, il sera tr\u00e8s difficile de gu\u00e9rir compl\u00e8tement.\u00a0\u00bb\u00a0<\/span><\/p><p><span style=\"font-weight: 400;\">Elle voit donc en cette deuxi\u00e8me Conf\u00e9rence mondiale un \u00ab\u00a0merveilleux exemple\u00a0\u00bb pour elle-m\u00eame et pour la petite fille qu\u2019elle porte dans ses bras et toute la future g\u00e9n\u00e9ration qui h\u00e9ritera des exemples \u00e9rig\u00e9s collectivement aujourd\u2019hui.<\/span><\/p>\t\t\t\t\t\t\t\t<\/div>\n\t\t\t\t<\/div>\n\t\t\t\t\t<\/div>\n\t\t<\/div>\n\t\t\t\t\t<\/div>\n\t\t<\/section>\n\t\t\t\t<\/div>\n\t\t","protected":false},"excerpt":{"rendered":"<p>Que plus personne ne nous vole la parole : f\u00e9minicides autochtones au Mexique Dans le cadre de la deuxi\u00e8me journ\u00e9e de la 2CMFA, sous le th\u00e8me \u00ab Nous regarder et nous reconna\u00eetre \u00e0 partir de nos propres r\u00e9alit\u00e9s \u00bb, la militante Laura Fern\u00e1ndez a \u00e9t\u00e9 pan\u00e9liste \u00e0 la s\u00e9ance \u00ab Dialogues des jeunes \u00bb. Voici [&hellip;]<\/p>\n","protected":false},"author":3,"featured_media":0,"parent":0,"menu_order":0,"comment_status":"closed","ping_status":"closed","template":"elementor_canvas","meta":{"inline_featured_image":false,"sync_status":"","episode_type":"","audio_file":"","castos_file_data":"","podmotor_file_id":"","cover_image":"","cover_image_id":"","duration":"","filesize":"","filesize_raw":"","date_recorded":"","explicit":"","block":"","itunes_episode_number":"","itunes_title":"","itunes_season_number":"","itunes_episode_type":"","footnotes":""},"class_list":["post-4296","page","type-page","status-publish","hentry"],"_links":{"self":[{"href":"https:\/\/worldconferenceiw.org\/fr\/wp-json\/wp\/v2\/pages\/4296","targetHints":{"allow":["GET"]}}],"collection":[{"href":"https:\/\/worldconferenceiw.org\/fr\/wp-json\/wp\/v2\/pages"}],"about":[{"href":"https:\/\/worldconferenceiw.org\/fr\/wp-json\/wp\/v2\/types\/page"}],"author":[{"embeddable":true,"href":"https:\/\/worldconferenceiw.org\/fr\/wp-json\/wp\/v2\/users\/3"}],"replies":[{"embeddable":true,"href":"https:\/\/worldconferenceiw.org\/fr\/wp-json\/wp\/v2\/comments?post=4296"}],"version-history":[{"count":5,"href":"https:\/\/worldconferenceiw.org\/fr\/wp-json\/wp\/v2\/pages\/4296\/revisions"}],"predecessor-version":[{"id":4306,"href":"https:\/\/worldconferenceiw.org\/fr\/wp-json\/wp\/v2\/pages\/4296\/revisions\/4306"}],"wp:attachment":[{"href":"https:\/\/worldconferenceiw.org\/fr\/wp-json\/wp\/v2\/media?parent=4296"}],"curies":[{"name":"wp","href":"https:\/\/api.w.org\/{rel}","templated":true}]}}